{"id":189,"date":"2026-02-01T01:03:25","date_gmt":"2026-02-01T00:03:25","guid":{"rendered":"https:\/\/arbeitnehmer-forum.de\/wissen\/betriebsratslexikon\/br\/arbeitsvertraege\/"},"modified":"2026-02-01T13:00:25","modified_gmt":"2026-02-01T12:00:25","slug":"arbeitsvertraege","status":"publish","type":"betriebsratslexikon","link":"https:\/\/arbeitnehmer-forum.de\/wissen\/wissensdatenbank\/glossar\/arbeitsvertraege\/","title":{"rendered":"Arbeitsvertr\u00e4ge"},"content":{"rendered":"<h3 class=\"h3\">In K\u00fcrze<\/h3>\n<p>Arbeitsvertr\u00e4ge regeln die individuellen Rechte und Pflichten im bestehenden Arbeitsverh\u00e4ltnis. Sie wirken mit kollektiven Regelungen nach festen arbeitsrechtlichen Kollisionsgrunds\u00e4tzen zusammen.<\/p>\n<h3 class=\"h3\">Definition<\/h3>\n<p>Arbeitsvertr\u00e4ge sind ein arbeitsrechtlicher Begriff. Sie bezeichnen individualrechtliche Vereinbarungen zwischen Arbeitgeber und Arbeitnehmer \u00fcber Inhalt und Durchf\u00fchrung eines Arbeitsverh\u00e4ltnisses. Arbeitsvertr\u00e4ge begr\u00fcnden pers\u00f6nliche Abh\u00e4ngigkeit, Verg\u00fctungspflichten und die Einbindung in eine fremde betriebliche Organisation. Sie liegen vor, wenn Arbeitsleistung, Entgelt und Weisungsgebundenheit objektiv festgelegt sind. Die rechtliche Grundlage ergibt sich aus \u00a7 611a B\u00fcrgerliches Gesetzbuch (BGB) sowie aus den \u00a7\u00a7 305 ff. BGB. Arbeitsvertr\u00e4ge k\u00f6nnen formfrei abgeschlossen werden, soweit keine gesetzliche Schriftform vorgeschrieben ist. Ihr Inhalt unterliegt zwingenden gesetzlichen Vorgaben sowie der Kontrolle vorformulierter Bedingungen. Im Verh\u00e4ltnis zu Betriebsvereinbarungen gilt grunds\u00e4tzlich das arbeitsrechtliche G\u00fcnstigkeitsprinzip. Eine Verschlechterung individueller Anspr\u00fcche durch Betriebsvereinbarungen ist nur bei einheitlichen Regelungen und kollektiver Besserstellung zul\u00e4ssig. Arbeitsvertr\u00e4ge begr\u00fcnden keinen Vorrang gegen\u00fcber kollektivrechtlichen Normen. Sie sind von Betriebsvereinbarungen als kollektivrechtlichen Regelungsinstrumenten abzugrenzen. In der Praxis bestimmen Arbeitsvertr\u00e4ge die individuelle Rechtsposition innerhalb kollektiv gepr\u00e4gter Arbeitsbedingungen.<\/p>\n","protected":false},"excerpt":{"rendered":"<p>In K\u00fcrze Arbeitsvertr\u00e4ge regeln die individuellen Rechte und Pflichten im bestehenden Arbeitsverh\u00e4ltnis. Sie wirken mit kollektiven Regelungen nach festen arbeitsrechtlichen Kollisionsgrunds\u00e4tzen zusammen. Definition Arbeitsvertr\u00e4ge sind ein arbeitsrechtlicher Begriff. Sie bezeichnen individualrechtliche Vereinbarungen zwischen Arbeitgeber und Arbeitnehmer \u00fcber Inhalt und Durchf\u00fchrung eines Arbeitsverh\u00e4ltnisses. Arbeitsvertr\u00e4ge begr\u00fcnden pers\u00f6nliche Abh\u00e4ngigkeit, Verg\u00fctungspflichten und die Einbindung in eine fremde betriebliche Organisation. [&hellip;]<\/p>\n","protected":false},"template":"","meta":{"footnotes":""},"glossary_category":[2],"glossary_tag":[],"class_list":["post-189","betriebsratslexikon","type-betriebsratslexikon","status-publish","hentry","glossary_category-begriff"],"_links":{"self":[{"href":"https:\/\/arbeitnehmer-forum.de\/wissen\/wp-json\/wp\/v2\/betriebsratslexikon\/189","targetHints":{"allow":["GET"]}}],"collection":[{"href":"https:\/\/arbeitnehmer-forum.de\/wissen\/wp-json\/wp\/v2\/betriebsratslexikon"}],"about":[{"href":"https:\/\/arbeitnehmer-forum.de\/wissen\/wp-json\/wp\/v2\/types\/betriebsratslexikon"}],"version-history":[{"count":3,"href":"https:\/\/arbeitnehmer-forum.de\/wissen\/wp-json\/wp\/v2\/betriebsratslexikon\/189\/revisions"}],"predecessor-version":[{"id":8897,"href":"https:\/\/arbeitnehmer-forum.de\/wissen\/wp-json\/wp\/v2\/betriebsratslexikon\/189\/revisions\/8897"}],"wp:attachment":[{"href":"https:\/\/arbeitnehmer-forum.de\/wissen\/wp-json\/wp\/v2\/media?parent=189"}],"wp:term":[{"taxonomy":"glossary_category","embeddable":true,"href":"https:\/\/arbeitnehmer-forum.de\/wissen\/wp-json\/wp\/v2\/glossary_category?post=189"},{"taxonomy":"glossary_tag","embeddable":true,"href":"https:\/\/arbeitnehmer-forum.de\/wissen\/wp-json\/wp\/v2\/glossary_tag?post=189"}],"curies":[{"name":"wp","href":"https:\/\/api.w.org\/{rel}","templated":true}]}}