{"id":533,"date":"2026-02-01T01:03:31","date_gmt":"2026-02-01T00:03:31","guid":{"rendered":"https:\/\/arbeitnehmer-forum.de\/wissen\/betriebsratslexikon\/br\/dienstfahrrad\/"},"modified":"2026-02-01T13:00:37","modified_gmt":"2026-02-01T12:00:37","slug":"dienstfahrrad","status":"publish","type":"betriebsratslexikon","link":"https:\/\/arbeitnehmer-forum.de\/wissen\/wissensdatenbank\/glossar\/dienstfahrrad\/","title":{"rendered":"Dienstfahrrad"},"content":{"rendered":"<h3 class=\"h3\">In K\u00fcrze<\/h3>\n<p>Dienstfahrrad bezeichnet die vom Arbeitgeber \u00fcberlassene Nutzung eines betrieblichen Fahrrads. Es kann dienstlich und regelm\u00e4\u00dfig auch privat verwendet werden.<\/p>\n<h3 class=\"h3\">Definition<\/h3>\n<p>Dienstfahrrad ist ein arbeitsrechtliches Instrument zur \u00dcberlassung eines Fahrrads durch den Arbeitgeber. Es beschreibt die zeitlich befristete Nutzungsgew\u00e4hrung eines betrieblichen Fahrrads im bestehenden Arbeitsverh\u00e4ltnis. Dienstfahrrad umfasst regelm\u00e4\u00dfig die berufliche und private Nutzung einschlie\u00dflich Fahrten zwischen Wohnung und Arbeitsst\u00e4tte. Voraussetzung ist eine arbeitsvertragliche oder gesonderte Vereinbarung \u00fcber Nutzung, Dauer und Kostenverteilung. Rechtsgrundlage steuerlicher Beg\u00fcnstigungen beim Dienstfahrrad ist \u00a7 3 Nr. 37 Einkommensteuergesetz (EStG). Der Begriff begr\u00fcndet keinen gesetzlichen Anspruch auf \u00dcberlassung oder bestimmte vertragliche Ausgestaltung. Es ist abzugrenzen von der blo\u00dfen Kostenerstattung f\u00fcr private Fahrr\u00e4der ohne \u00dcberlassung. Dienstfahrrad ist in der Praxis relevant f\u00fcr Verg\u00fctungsgestaltung, Steuerbehandlung und betriebliche Mobilit\u00e4tskonzepte.<\/p>\n","protected":false},"excerpt":{"rendered":"<p>In K\u00fcrze Dienstfahrrad bezeichnet die vom Arbeitgeber \u00fcberlassene Nutzung eines betrieblichen Fahrrads. Es kann dienstlich und regelm\u00e4\u00dfig auch privat verwendet werden. Definition Dienstfahrrad ist ein arbeitsrechtliches Instrument zur \u00dcberlassung eines Fahrrads durch den Arbeitgeber. Es beschreibt die zeitlich befristete Nutzungsgew\u00e4hrung eines betrieblichen Fahrrads im bestehenden Arbeitsverh\u00e4ltnis. Dienstfahrrad umfasst regelm\u00e4\u00dfig die berufliche und private Nutzung einschlie\u00dflich [&hellip;]<\/p>\n","protected":false},"template":"","meta":{"footnotes":""},"glossary_category":[2],"glossary_tag":[],"class_list":["post-533","betriebsratslexikon","type-betriebsratslexikon","status-publish","hentry","glossary_category-begriff"],"_links":{"self":[{"href":"https:\/\/arbeitnehmer-forum.de\/wissen\/wp-json\/wp\/v2\/betriebsratslexikon\/533","targetHints":{"allow":["GET"]}}],"collection":[{"href":"https:\/\/arbeitnehmer-forum.de\/wissen\/wp-json\/wp\/v2\/betriebsratslexikon"}],"about":[{"href":"https:\/\/arbeitnehmer-forum.de\/wissen\/wp-json\/wp\/v2\/types\/betriebsratslexikon"}],"version-history":[{"count":3,"href":"https:\/\/arbeitnehmer-forum.de\/wissen\/wp-json\/wp\/v2\/betriebsratslexikon\/533\/revisions"}],"predecessor-version":[{"id":9247,"href":"https:\/\/arbeitnehmer-forum.de\/wissen\/wp-json\/wp\/v2\/betriebsratslexikon\/533\/revisions\/9247"}],"wp:attachment":[{"href":"https:\/\/arbeitnehmer-forum.de\/wissen\/wp-json\/wp\/v2\/media?parent=533"}],"wp:term":[{"taxonomy":"glossary_category","embeddable":true,"href":"https:\/\/arbeitnehmer-forum.de\/wissen\/wp-json\/wp\/v2\/glossary_category?post=533"},{"taxonomy":"glossary_tag","embeddable":true,"href":"https:\/\/arbeitnehmer-forum.de\/wissen\/wp-json\/wp\/v2\/glossary_tag?post=533"}],"curies":[{"name":"wp","href":"https:\/\/api.w.org\/{rel}","templated":true}]}}